{"id":85,"date":"2019-06-25T10:55:36","date_gmt":"2019-06-25T10:55:36","guid":{"rendered":"http:\/\/centros.unileon.es\/educacion\/?page_id=85"},"modified":"2026-04-20T08:53:09","modified_gmt":"2026-04-20T08:53:09","slug":"historia","status":"publish","type":"page","link":"https:\/\/centros.unileon.es\/educacion\/","title":{"rendered":"Inicio"},"content":{"rendered":"<p>&nbsp;<\/p>\r\n<h3 style=\"text-align: center;\"><span style=\"font-size: 18pt;\"><strong>Noticias y Eventos<\/strong><\/span><\/h3>\r\n<p><span style=\"font-family: arial, helvetica, sans-serif;\">\u2728<strong> \u00a1Le\u00f3n celebra el D\u00eda de Europa!<\/strong> \u2728<\/span><\/p>\r\n<p><span style=\"font-family: arial, helvetica, sans-serif;\">El pr\u00f3ximo 8 de mayo de 2026 a las 11:00 h, el Ayuntamiento de Le\u00f3n te espera en la plaza de Santo Domingo, frente al Museo de Le\u00f3n, para conmemorar el D\u00eda de Europa.<\/span><\/p>\r\n<p><span style=\"font-family: arial, helvetica, sans-serif;\">Una jornada especial que celebra la paz, la unidad y la cooperaci\u00f3n entre pa\u00edses europeos, recordando la hist\u00f3rica Declaraci\u00f3n Schuman, origen de la Uni\u00f3n Europea.<\/span><\/p>\r\n<p><span style=\"font-family: arial, helvetica, sans-serif;\"> Izado de la bandera de la UE<\/span><br \/>\r\n<span style=\"font-family: arial, helvetica, sans-serif;\"> Embanderamiento del Museo de Le\u00f3n<\/span><br \/>\r\n<span style=\"font-family: arial, helvetica, sans-serif;\"> Miniferia de Europa<\/span><br \/>\r\n<span style=\"font-family: arial, helvetica, sans-serif;\"> Lectura de los \u201cDecreta\u201d en todas las lenguas oficiales de la UE<\/span><\/p>\r\n<p><span style=\"font-family: arial, helvetica, sans-serif;\"> Buscamos alumnado que quiera participar en la lectura en distintos idiomas europeos. Si conoces alguna de estas lenguas y te interesa, \u00a1an\u00edmate!<\/span><\/p>\r\n<p><span style=\"font-family: arial, helvetica, sans-serif;\"> Inscripciones abiertas hasta el 30 de abril en: <a href=\"mailto:informacion.juventud@aytoleon.es\">informacion.juventud@aytoleon.es<\/a><\/span><\/p>\r\n<p><span style=\"font-family: arial, helvetica, sans-serif;\">\u00a1Forma parte de esta celebraci\u00f3n y vive Europa en Le\u00f3n! <\/span><\/p>\r\n<p><span style=\"font-family: arial, helvetica, sans-serif;\">#D\u00edaDeEuropa #Le\u00f3n #Uni\u00f3nEuropea #Juventud #CulturaEuropea #9deMayo<\/span><\/p>\r\n<p>&nbsp;<\/p>\r\n<p>&nbsp;<\/p>\r\n<h3 style=\"text-align: center;\"><strong><span style=\"color: #003366;\">TRABAJO FIN DE GRADO<\/span><\/strong><\/h3>\r\n<h3 style=\"text-align: center;\"><strong><span style=\"color: #003366;\">CURSO 2025-2026<\/span><\/strong><\/h3>\r\n<p>&nbsp;<\/p>\r\n<h4 style=\"text-align: center;\"><strong><a href=\"https:\/\/centros.unileon.es\/educacion\/asignacion-definitiva-de-tutores-de-tfg-curso-2025-2026\/\">ASIGNACI\u00d3N DEFINITIVA TUTORES DE TFG<\/a><\/strong><\/h4>\r\n<h4 style=\"text-align: center;\"><strong><a href=\"https:\/\/centros.unileon.es\/educacion\/lineas-tematicas-definitivas-de-tfg-curso-2025-26\/\">TUTORES Y L\u00cdNEAS TEM\u00c1TICAS DEFINITIVAS<\/a><\/strong><\/h4>\r\n<h4 style=\"text-align: center;\"><strong><a href=\"https:\/\/centros.unileon.es\/educacion\/files\/2026\/04\/CRONOGRAMA-DE-LA-CONVOCATORIA-DE-JUNIO-2026.pdf\">CRONOGRAMA DE LA CONVOCATORIA DE JUNIO 2026<\/a><\/strong><\/h4>\r\n<p>&nbsp;<\/p>\r\n<p>&nbsp;<\/p>\r\n<h2 style=\"text-align: center;\"><span style=\"font-family: arial, helvetica, sans-serif;\">Instagram de la Facultad de Educaci\u00f3n: <\/span><a href=\"https:\/\/www.instagram.com\/educacionule\/\"><span style=\"font-family: arial, helvetica, sans-serif;\">@educacionule<\/span><\/a><\/h2>\r\n<p style=\"text-align: center;\"><span style=\"font-family: arial, helvetica, sans-serif;\">\u00a1La Facultad de Educaci\u00f3n de la ULE tiene cuenta de Instagram!<\/span><\/p>\r\n<p style=\"text-align: center;\"><span style=\"font-family: arial, helvetica, sans-serif;\">En esta cuenta subimos informaci\u00f3n acad\u00e9mica, adem\u00e1s de otras noticias y actividades relacionadas con nuestro d\u00eda a d\u00eda.<\/span><\/p>\r\n<p style=\"text-align: center;\"><span style=\"font-family: arial, helvetica, sans-serif;\">Os invitamos a todos y todas, estudiantes, profesorado y PTGAS, a enviarnos lo que quer\u00e1is compartir.<\/span><\/p>\r\n<p>&nbsp;<\/p>","protected":false},"excerpt":{"rendered":"<p>&nbsp; Noticias y Eventos \u2728 \u00a1Le\u00f3n celebra el D\u00eda de Europa! \u2728 El pr\u00f3ximo 8 de mayo de 2026 a las 11:00 h, el Ayuntamiento de Le\u00f3n te espera en la plaza de Santo Domingo, frente al Museo de Le\u00f3n, para conmemorar el D\u00eda de Europa. Una jornada especial que celebra la paz, la unidad [&hellip;]<\/p>\n","protected":false},"author":11,"featured_media":1193,"parent":0,"menu_order":0,"comment_status":"closed","ping_status":"closed","template":"","meta":{"footnotes":""},"class_list":["post-85","page","type-page","status-publish","has-post-thumbnail","hentry"],"_links":{"self":[{"href":"https:\/\/centros.unileon.es\/educacion\/wp-json\/wp\/v2\/pages\/85","targetHints":{"allow":["GET"]}}],"collection":[{"href":"https:\/\/centros.unileon.es\/educacion\/wp-json\/wp\/v2\/pages"}],"about":[{"href":"https:\/\/centros.unileon.es\/educacion\/wp-json\/wp\/v2\/types\/page"}],"author":[{"embeddable":true,"href":"https:\/\/centros.unileon.es\/educacion\/wp-json\/wp\/v2\/users\/11"}],"replies":[{"embeddable":true,"href":"https:\/\/centros.unileon.es\/educacion\/wp-json\/wp\/v2\/comments?post=85"}],"version-history":[{"count":422,"href":"https:\/\/centros.unileon.es\/educacion\/wp-json\/wp\/v2\/pages\/85\/revisions"}],"predecessor-version":[{"id":5605,"href":"https:\/\/centros.unileon.es\/educacion\/wp-json\/wp\/v2\/pages\/85\/revisions\/5605"}],"wp:featuredmedia":[{"embeddable":true,"href":"https:\/\/centros.unileon.es\/educacion\/wp-json\/wp\/v2\/media\/1193"}],"wp:attachment":[{"href":"https:\/\/centros.unileon.es\/educacion\/wp-json\/wp\/v2\/media?parent=85"}],"curies":[{"name":"wp","href":"https:\/\/api.w.org\/{rel}","templated":true}]}}