{"id":587,"date":"2020-12-07T12:01:06","date_gmt":"2020-12-07T12:01:06","guid":{"rendered":"https:\/\/centros.unileon.es\/educacion\/?page_id=587"},"modified":"2022-11-02T11:58:00","modified_gmt":"2022-11-02T11:58:00","slug":"reserva-de-aulas","status":"publish","type":"page","link":"https:\/\/centros.unileon.es\/educacion\/reserva-de-aulas\/","title":{"rendered":"Reserva de Aulas"},"content":{"rendered":"\n<div class=\"wpcf7 no-js\" id=\"wpcf7-f1556-o1\" lang=\"es-ES\" dir=\"ltr\" data-wpcf7-id=\"1556\">\n<div class=\"screen-reader-response\"><p role=\"status\" aria-live=\"polite\" aria-atomic=\"true\"><\/p> <ul><\/ul><\/div>\n<form action=\"\/educacion\/wp-json\/wp\/v2\/pages\/587#wpcf7-f1556-o1\" method=\"post\" class=\"wpcf7-form init\" aria-label=\"Formulario de contacto\" novalidate=\"novalidate\" data-status=\"init\">\n<fieldset class=\"hidden-fields-container\"><input type=\"hidden\" name=\"_wpcf7\" value=\"1556\" \/><input type=\"hidden\" name=\"_wpcf7_version\" value=\"6.1.1\" \/><input type=\"hidden\" name=\"_wpcf7_locale\" value=\"es_ES\" \/><input type=\"hidden\" name=\"_wpcf7_unit_tag\" value=\"wpcf7-f1556-o1\" \/><input type=\"hidden\" name=\"_wpcf7_container_post\" value=\"0\" \/><input type=\"hidden\" name=\"_wpcf7_posted_data_hash\" value=\"\" \/>\n<\/fieldset>\n<style>\nlabel {\n \/* Tama\u00f1o y alineaci\u00f3n uniforme *\/\n display: inline-block;\n width: 500px;\n text-align: left;\n}\nlabel span { color: red; }\ninput,\ntextarea {\n \/* Para asegurarse de que todos los campos de texto tienen la misma configuraci\u00f3n de letra\n Por defecto, las \u00e1reas de texto tienen un tipo de letra monoespaciada *\/\n font: 1em sans-serif;\n\n \/* Tama\u00f1o uniforme del campo de texto *\/\n width: 200px;\n box-sizing: border-box;\n\n \/* Hacer coincidir los bordes del campo del formulario *\/\n border: 1px solid #999;\n}\n<\/style>\n<body>\n\t<font color=\"red\">AVISO: La petici\u00f3n debe realizarse como m\u00ednimo 48 horas antes del comienzo de la actividad.\n\t<\/font>\n<\/body>\n<h3> TIPO DE RESERVA\n<\/h3>\n<p><label> Tipo de solicitud <\/label><br \/>\n<span class=\"wpcf7-form-control-wrap\" data-name=\"Tipodesolicitud\"><select class=\"wpcf7-form-control wpcf7-select wpcf7-validates-as-required\" aria-required=\"true\" aria-invalid=\"false\" name=\"Tipodesolicitud\"><option value=\"Reserva\">Reserva<\/option><option value=\"Anulaci\u00f3n\">Anulaci\u00f3n<\/option><option value=\"Modificaci\u00f3n\">Modificaci\u00f3n<\/option><\/select><\/span>\n<\/p>\n<h3> DATOS DEL SOLICITANTE\n<\/h3>\n<p><label>Nombre y apellidos<span> *<\/span> <\/label><br \/>\n<span class=\"wpcf7-form-control-wrap\" data-name=\"your-name\"><input size=\"40\" maxlength=\"400\" class=\"wpcf7-form-control wpcf7-text wpcf7-validates-as-required\" aria-required=\"true\" aria-invalid=\"false\" value=\"\" type=\"text\" name=\"your-name\" \/><\/span><br \/>\n<label>Tel\u00e9fono<span> *<\/span> <\/label><br \/>\n<span class=\"wpcf7-form-control-wrap\" data-name=\"Telefono\"><input size=\"40\" maxlength=\"400\" class=\"wpcf7-form-control wpcf7-tel wpcf7-validates-as-required wpcf7-text wpcf7-validates-as-tel\" aria-required=\"true\" aria-invalid=\"false\" value=\"\" type=\"tel\" name=\"Telefono\" \/><\/span><br \/>\n<label>Correo electr\u00f3nico<span> *<\/span> <\/label><br \/>\n<span class=\"wpcf7-form-control-wrap\" data-name=\"your-email\"><input size=\"40\" maxlength=\"400\" class=\"wpcf7-form-control wpcf7-email wpcf7-validates-as-required wpcf7-text wpcf7-validates-as-email\" aria-required=\"true\" aria-invalid=\"false\" value=\"\" type=\"email\" name=\"your-email\" \/><\/span><br \/>\n<label> Departamento<span> *<\/span> <\/label><br \/>\n<span class=\"wpcf7-form-control-wrap\" data-name=\"Departamento\"><select class=\"wpcf7-form-control wpcf7-select wpcf7-validates-as-required\" aria-required=\"true\" aria-invalid=\"false\" name=\"Departamento\"><option value=\"Seleccionar\">Seleccionar<\/option><option value=\"Departamento de Biodiversidad y Gesti\u00f3n Ambiental\">Departamento de Biodiversidad y Gesti\u00f3n Ambiental<\/option><option value=\"Departamento de Derecho Privado y de la Empresa\">Departamento de Derecho Privado y de la Empresa<\/option><option value=\"Departamento de Did\u00e1ctica General, Espec\u00edficas y Teor\u00eda de la Educaci\u00f3n\">Departamento de Did\u00e1ctica General, Espec\u00edficas y Teor\u00eda de la Educaci\u00f3n<\/option><option value=\"Departamento de Direcci\u00f3n y Econom\u00eda de la Empresa\">Departamento de Direcci\u00f3n y Econom\u00eda de la Empresa<\/option><option value=\"Departamento de Econom\u00eda y Estad\u00edstica\">Departamento de Econom\u00eda y Estad\u00edstica<\/option><option value=\"Departamento de Educaci\u00f3n F\u00edsica y Deportiva\">Departamento de Educaci\u00f3n F\u00edsica y Deportiva<\/option><option value=\"Departamento de Filolog\u00eda Hisp\u00e1nica y Cl\u00e1sica\">Departamento de Filolog\u00eda Hisp\u00e1nica y Cl\u00e1sica<\/option><option value=\"Departamento de Filolog\u00eda Moderna\">Departamento de Filolog\u00eda Moderna<\/option><option value=\"Departamento de Geograf\u00eda y Geolog\u00eda\">Departamento de Geograf\u00eda y Geolog\u00eda<\/option><option value=\"Departamento de Higiene y Tecnolog\u00eda de los Alimentos\">Departamento de Higiene y Tecnolog\u00eda de los Alimentos<\/option><option value=\"Departamento de Historia\">Departamento de Historia<\/option><option value=\"Departamento de Ingenier\u00eda El\u00e9ctrica y de Sistemas y Autom\u00e1tica\">Departamento de Ingenier\u00eda El\u00e9ctrica y de Sistemas y Autom\u00e1tica<\/option><option value=\"Departamento de Matem\u00e1ticas\">Departamento de Matem\u00e1ticas<\/option><option value=\"Departamento de Patrimonio Art\u00edstico y Documental\">Departamento de Patrimonio Art\u00edstico y Documental<\/option><option value=\"Departamento Psicolog\u00eda, Sociolog\u00eda y Filosof\u00eda\">Departamento Psicolog\u00eda, Sociolog\u00eda y Filosof\u00eda<\/option><option value=\"Departamento de Qu\u00edmica y F\u00edsica Aplicadas\">Departamento de Qu\u00edmica y F\u00edsica Aplicadas<\/option><option value=\"Otro\">Otro<\/option><\/select><\/span><br \/>\n<label>\u00c1rea<\/label><br \/>\n<span class=\"wpcf7-form-control-wrap\" data-name=\"your-area\"><input size=\"40\" maxlength=\"400\" class=\"wpcf7-form-control wpcf7-text\" aria-invalid=\"false\" value=\"\" type=\"text\" name=\"your-area\" \/><\/span><br \/>\n<label> Otros (especificar si procede)<\/label><br \/>\n<span class=\"wpcf7-form-control-wrap\" data-name=\"other\"><input size=\"40\" maxlength=\"400\" class=\"wpcf7-form-control wpcf7-text\" aria-invalid=\"false\" value=\"\" type=\"text\" name=\"other\" \/><\/span>\n<\/p>\n<h3> TIPO DE AULA\n<\/h3>\n<p>Seleccione un aula espec\u00edfica o indique el n\u00famero de estudiantes (se le asignar\u00e1n aulas en funci\u00f3n de la disponibilidad y el n\u00famero de estudiantes indicados)\n<\/p>\n<p><label> Selecci\u00f3n de aula (selecci\u00f3n m\u00faltiple con Ctrol+Click) <\/label><br \/>\n<span class=\"wpcf7-form-control-wrap\" data-name=\"aula\"><select class=\"wpcf7-form-control wpcf7-select\" aria-invalid=\"false\" multiple=\"multiple\" name=\"aula[]\"><option value=\"1 (Capacidad 125 estudiantes)\">1 (Capacidad 125 estudiantes)<\/option><option value=\"19 (Capacidad 98 estudiantes)\">19 (Capacidad 98 estudiantes)<\/option><option value=\"20 (Capacidad 98 estudiantes)\">20 (Capacidad 98 estudiantes)<\/option><option value=\"22 (Capacidad 98 estudiantes)\">22 (Capacidad 98 estudiantes)<\/option><option value=\"23 (Capacidad 98 estudiantes)\">23 (Capacidad 98 estudiantes)<\/option><option value=\"24 (Capacidad 98 estudiantes)\">24 (Capacidad 98 estudiantes)<\/option><option value=\"29 (Capacidad 98 estudiantes)\">29 (Capacidad 98 estudiantes)<\/option><option value=\"30 (Capacidad 98 estudiantes)\">30 (Capacidad 98 estudiantes)<\/option><option value=\"17 (Capacidad 63 estudiantes)\">17 (Capacidad 63 estudiantes)<\/option><option value=\"18 (Capacidad 63 estudiantes)\">18 (Capacidad 63 estudiantes)<\/option><option value=\"25 (Capacidad 63 estudiantes)\">25 (Capacidad 63 estudiantes)<\/option><option value=\"26 (Capacidad 63 estudiantes)\">26 (Capacidad 63 estudiantes)<\/option><option value=\"28 (Capacidad 63 estudiantes)\">28 (Capacidad 63 estudiantes)<\/option><option value=\"10 (Capacidad 54 estudiantes)\">10 (Capacidad 54 estudiantes)<\/option><option value=\"11 (Capacidad 54 estudiantes)\">11 (Capacidad 54 estudiantes)<\/option><option value=\"15 (Capacidad 54 estudiantes)\">15 (Capacidad 54 estudiantes)<\/option><option value=\"16 (Capacidad 54 estudiantes)\">16 (Capacidad 54 estudiantes)<\/option><option value=\"27 (Capacidad 54 estudiantes)\">27 (Capacidad 54 estudiantes)<\/option><option value=\"12 (Capacidad 45 estudiantes)\">12 (Capacidad 45 estudiantes)<\/option><option value=\"13 (Capacidad 45 estudiantes)\">13 (Capacidad 45 estudiantes)<\/option><option value=\"14 (Capacidad 45 estudiantes)\">14 (Capacidad 45 estudiantes)<\/option><option value=\"21 (Capacidad 32 estudiantes)\">21 (Capacidad 32 estudiantes)<\/option><option value=\"02 (Capacidad 30 estudiantes)\">02 (Capacidad 30 estudiantes)<\/option><option value=\"Aula Magna (Capacidad 120 estudiantes)\">Aula Magna (Capacidad 120 estudiantes)<\/option><option value=\"Sal\u00f3n de Grados (Capacidad 80 estudiantes)\">Sal\u00f3n de Grados (Capacidad 80 estudiantes)<\/option><option value=\"Laboratorio de Ciencias (Capacidad 36 estudiantes)\">Laboratorio de Ciencias (Capacidad 36 estudiantes)<\/option><option value=\"Aula de Pl\u00e1stica (Capacidad 72 estudiantes)\">Aula de Pl\u00e1stica (Capacidad 72 estudiantes)<\/option><option value=\"Aula de Expresi\u00f3n Corporal\">Aula de Expresi\u00f3n Corporal<\/option><option value=\"Aulas de Inform\u00e1tica (Capacidad 24 estudiantes)\">Aulas de Inform\u00e1tica (Capacidad 24 estudiantes)<\/option><option value=\"Aula de M\u00fasica (Capacidad 20 estudiantes)\">Aula de M\u00fasica (Capacidad 20 estudiantes)<\/option><option value=\"Aula de M\u00fasica (peque\u00f1a) (Capacidad 10 estudiantes)\">Aula de M\u00fasica (peque\u00f1a) (Capacidad 10 estudiantes)<\/option><\/select><\/span><br \/>\n<label> N\u00famero de estudiantes <\/label><br \/>\n<span class=\"wpcf7-form-control-wrap\" data-name=\"numeroestudiantes\"><input size=\"40\" maxlength=\"400\" class=\"wpcf7-form-control wpcf7-text\" aria-invalid=\"false\" value=\"\" type=\"text\" name=\"numeroestudiantes\" \/><\/span><br \/>\n<label> Fecha <\/label><br \/>\n<span class=\"wpcf7-form-control-wrap\" data-name=\"fecha\"><input class=\"wpcf7-form-control wpcf7-date wpcf7-validates-as-date\" aria-invalid=\"false\" value=\"\" type=\"date\" name=\"fecha\" \/><\/span><br \/>\n<label> Hora desde <\/label><br \/>\n<span class=\"wpcf7-form-control-wrap\" data-name=\"horadesde\"><select class=\"wpcf7-form-control wpcf7-select\" aria-invalid=\"false\" name=\"horadesde\"><option value=\"\">&#8212;Por favor, elige una opci\u00f3n&#8212;<\/option><option value=\"7\">7<\/option><option value=\"8\">8<\/option><option value=\"9\">9<\/option><option value=\"10\">10<\/option><option value=\"11\">11<\/option><option value=\"12\">12<\/option><option value=\"13\">13<\/option><option value=\"14\">14<\/option><option value=\"15\">15<\/option><option value=\"16\">16<\/option><option value=\"17\">17<\/option><option value=\"18\">18<\/option><option value=\"19\">19<\/option><option value=\"20\">20<\/option><option value=\"21\">21<\/option><\/select><\/span> : <span class=\"wpcf7-form-control-wrap\" data-name=\"minutodesde\"><select class=\"wpcf7-form-control wpcf7-select\" aria-invalid=\"false\" name=\"minutodesde\"><option value=\"\">&#8212;Por favor, elige una opci\u00f3n&#8212;<\/option><option value=\"00\">00<\/option><option value=\"05\">05<\/option><option value=\"10\">10<\/option><option value=\"15\">15<\/option><option value=\"20\">20<\/option><option value=\"25\">25<\/option><option value=\"30\">30<\/option><option value=\"35\">35<\/option><option value=\"40\">40<\/option><option value=\"45\">45<\/option><option value=\"50\">50<\/option><option value=\"55\">55<\/option><\/select><\/span><br \/>\n<label> Hora hasta <\/label><br \/>\n<span class=\"wpcf7-form-control-wrap\" data-name=\"horahasta\"><select class=\"wpcf7-form-control wpcf7-select\" aria-invalid=\"false\" name=\"horahasta\"><option value=\"\">&#8212;Por favor, elige una opci\u00f3n&#8212;<\/option><option value=\"7\">7<\/option><option value=\"8\">8<\/option><option value=\"9\">9<\/option><option value=\"10\">10<\/option><option value=\"11\">11<\/option><option value=\"12\">12<\/option><option value=\"13\">13<\/option><option value=\"14\">14<\/option><option value=\"15\">15<\/option><option value=\"16\">16<\/option><option value=\"17\">17<\/option><option value=\"18\">18<\/option><option value=\"19\">19<\/option><option value=\"20\">20<\/option><option value=\"21\">21<\/option><\/select><\/span> : <span class=\"wpcf7-form-control-wrap\" data-name=\"minutohasta\"><select class=\"wpcf7-form-control wpcf7-select\" aria-invalid=\"false\" name=\"minutohasta\"><option value=\"\">&#8212;Por favor, elige una opci\u00f3n&#8212;<\/option><option value=\"00\">00<\/option><option value=\"05\">05<\/option><option value=\"10\">10<\/option><option value=\"15\">15<\/option><option value=\"20\">20<\/option><option value=\"25\">25<\/option><option value=\"30\">30<\/option><option value=\"35\">35<\/option><option value=\"40\">40<\/option><option value=\"45\">45<\/option><option value=\"50\">50<\/option><option value=\"55\">55<\/option><\/select><\/span><br \/>\n<label>Si la reserva es para varias fechas, ind\u00edque los d\u00edas y horas a continuaci\u00f3n: <\/label><br \/>\n<span class=\"wpcf7-form-control-wrap\" data-name=\"variasfechas\"><textarea cols=\"40\" rows=\"10\" maxlength=\"2000\" class=\"wpcf7-form-control wpcf7-textarea\" aria-invalid=\"false\" name=\"variasfechas\"><\/textarea><\/span>\n<\/p>\n<h3> TIPO DE ACTIVIDAD\n<\/h3>\n<p><label>Actividad (examen, B3, tutor\u00eda, seminario, etc.)<span> *<\/span> <\/label><br \/>\n<span class=\"wpcf7-form-control-wrap\" data-name=\"actividad\"><input size=\"40\" maxlength=\"400\" class=\"wpcf7-form-control wpcf7-text wpcf7-validates-as-required\" aria-required=\"true\" aria-invalid=\"false\" value=\"\" type=\"text\" name=\"actividad\" \/><\/span><br \/>\n<label>Asignatura <\/label><br \/>\n<span class=\"wpcf7-form-control-wrap\" data-name=\"asignatura\"><input size=\"40\" maxlength=\"400\" class=\"wpcf7-form-control wpcf7-text\" aria-invalid=\"false\" value=\"\" type=\"text\" name=\"asignatura\" \/><\/span><br \/>\n<label>Titulaci\u00f3n <\/label><br \/>\n<span class=\"wpcf7-form-control-wrap\" data-name=\"titulacion\"><select class=\"wpcf7-form-control wpcf7-select\" aria-invalid=\"false\" name=\"titulacion\"><option value=\"\">&#8212;Por favor, elige una opci\u00f3n&#8212;<\/option><option value=\"Grado en Educaci\u00f3n Infantil\">Grado en Educaci\u00f3n Infantil<\/option><option value=\"Grado en Educaci\u00f3n Primaria\">Grado en Educaci\u00f3n Primaria<\/option><option value=\"Grado en Educaci\u00f3n Social\">Grado en Educaci\u00f3n Social<\/option><option value=\"M\u00e1ster Univ. Formaci\u00f3n del  Profesorado Ed. Secundaria\">M\u00e1ster Univ. Formaci\u00f3n del  Profesorado Ed. Secundaria<\/option><option value=\"M\u00e1ster Univ. en Orientaci\u00f3n Educativa\">M\u00e1ster Univ. en Orientaci\u00f3n Educativa<\/option><option value=\"Otra\">Otra<\/option><\/select><\/span><br \/>\n<label>Curso <\/label><br \/>\n<span class=\"wpcf7-form-control-wrap\" data-name=\"curso\"><select class=\"wpcf7-form-control wpcf7-select\" aria-invalid=\"false\" name=\"curso\"><option value=\"\">&#8212;Por favor, elige una opci\u00f3n&#8212;<\/option><option value=\"Primero\">Primero<\/option><option value=\"Segundo\">Segundo<\/option><option value=\"Tercero\">Tercero<\/option><option value=\"Cuarto\">Cuarto<\/option><\/select><\/span><br \/>\n<label>\u00bfDeja libre el aula actual?<\/label><br \/>\n<span class=\"wpcf7-form-control-wrap\" data-name=\"aulalibre\"><select class=\"wpcf7-form-control wpcf7-select\" aria-invalid=\"false\" name=\"aulalibre\"><option value=\"No\">No<\/option><option value=\"S\u00ed\">S\u00ed<\/option><\/select><\/span><br \/>\n<label>Observaciones<\/label><br \/>\n<span class=\"wpcf7-form-control-wrap\" data-name=\"observaciones\"><textarea cols=\"40\" rows=\"10\" maxlength=\"2000\" class=\"wpcf7-form-control wpcf7-textarea\" aria-invalid=\"false\" name=\"observaciones\"><\/textarea><\/span>\n<\/p>\n<p><input class=\"wpcf7-form-control wpcf7-submit has-spinner\" type=\"submit\" value=\"Enviar\" \/>\n<\/p><div class=\"wpcf7-response-output\" aria-hidden=\"true\"><\/div>\n<\/form>\n<\/div>\n\r\n<table style=\"font-weight: 400;\" width=\"633\">\r\n<tbody>\r\n<tr>\r\n<td colspan=\"2\" width=\"633\">INFORMACI\u00d3N B\u00c1SICA SOBRE LA PROTECCI\u00d3N DE DATOS<\/td>\r\n<\/tr>\r\n<tr>\r\n<td width=\"105\"><strong>Responsable<\/strong><\/td>\r\n<td width=\"528\">Universidad de Le\u00f3n<\/td>\r\n<\/tr>\r\n<tr>\r\n<td width=\"105\"><strong>Finalidad<\/strong><\/td>\r\n<td width=\"528\">Gesti\u00f3n de la reserva de aulas para ex\u00e1menes, tutor\u00edas, seminarios<\/td>\r\n<\/tr>\r\n<tr>\r\n<td width=\"105\"><strong>Legitimaci\u00f3n<\/strong><\/td>\r\n<td width=\"528\">Art.6.1.a RGPD. Consentimiento del interesado<\/td>\r\n<\/tr>\r\n<tr>\r\n<td width=\"105\"><strong>Destinatarios<\/strong><\/td>\r\n<td width=\"528\">No se prev\u00e9n<\/td>\r\n<\/tr>\r\n<tr>\r\n<td width=\"105\"><strong>Derechos<\/strong><\/td>\r\n<td width=\"528\">Acceso, rectificaci\u00f3n, supresi\u00f3n, limitaci\u00f3n del tratamiento, oposici\u00f3n y, en su caso, portabilidad. Derecho a presentar una reclamaci\u00f3n ante la AEPD. Derecho a retirar su consentimiento.<\/td>\r\n<\/tr>\r\n<\/tbody>\r\n<\/table>\r\n<p style=\"font-weight: 400;\">Puede consultar informaci\u00f3n ampliada sobre protecci\u00f3n de datos en el siguiente enlace: <a href=\"https:\/\/www.unileon.es\/politica-de-privacidad\">https:\/\/www.unileon.es\/politica-de-privacidad<\/a><\/p>\r\n<a href=\"https:\/\/centros.unileon.es\/educacion\/files\/2022\/11\/Clausula-informativa-reserva-de-aulas.pdf\">Clausula informativa reserva de aulas<\/a>","protected":false},"excerpt":{"rendered":"<p>INFORMACI\u00d3N B\u00c1SICA SOBRE LA PROTECCI\u00d3N DE DATOS Responsable Universidad de Le\u00f3n Finalidad Gesti\u00f3n de la reserva de aulas para ex\u00e1menes, tutor\u00edas, seminarios Legitimaci\u00f3n Art.6.1.a RGPD. Consentimiento del interesado Destinatarios No se prev\u00e9n Derechos Acceso, rectificaci\u00f3n, supresi\u00f3n, limitaci\u00f3n del tratamiento, oposici\u00f3n y, en su caso, portabilidad. Derecho a presentar una reclamaci\u00f3n ante la AEPD. Derecho a [&hellip;]<\/p>\n","protected":false},"author":11,"featured_media":0,"parent":0,"menu_order":0,"comment_status":"closed","ping_status":"closed","template":"","meta":{"footnotes":""},"class_list":["post-587","page","type-page","status-publish","hentry"],"_links":{"self":[{"href":"https:\/\/centros.unileon.es\/educacion\/wp-json\/wp\/v2\/pages\/587","targetHints":{"allow":["GET"]}}],"collection":[{"href":"https:\/\/centros.unileon.es\/educacion\/wp-json\/wp\/v2\/pages"}],"about":[{"href":"https:\/\/centros.unileon.es\/educacion\/wp-json\/wp\/v2\/types\/page"}],"author":[{"embeddable":true,"href":"https:\/\/centros.unileon.es\/educacion\/wp-json\/wp\/v2\/users\/11"}],"replies":[{"embeddable":true,"href":"https:\/\/centros.unileon.es\/educacion\/wp-json\/wp\/v2\/comments?post=587"}],"version-history":[{"count":14,"href":"https:\/\/centros.unileon.es\/educacion\/wp-json\/wp\/v2\/pages\/587\/revisions"}],"predecessor-version":[{"id":5177,"href":"https:\/\/centros.unileon.es\/educacion\/wp-json\/wp\/v2\/pages\/587\/revisions\/5177"}],"wp:attachment":[{"href":"https:\/\/centros.unileon.es\/educacion\/wp-json\/wp\/v2\/media?parent=587"}],"curies":[{"name":"wp","href":"https:\/\/api.w.org\/{rel}","templated":true}]}}