{"id":349,"date":"2013-10-07T08:37:58","date_gmt":"2013-10-07T08:37:58","guid":{"rendered":"http:\/\/centros.unileon.es\/derecho\/?page_id=349"},"modified":"2015-09-30T17:43:50","modified_gmt":"2015-09-30T17:43:50","slug":"curso-de-experto-en-mediacion-de-conflictos-familiares-titulo-propio","status":"publish","type":"page","link":"https:\/\/centros.unileon.es\/derecho\/curso-de-experto-en-mediacion-de-conflictos-familiares-titulo-propio\/","title":{"rendered":"Curso de Experto en Mediaci\u00f3n de Conflictos Familiares (T\u00edtulo Propio)."},"content":{"rendered":"<div>\r\n<p style=\"text-align: justify;\">Esta t\u00edtulo no se imparte en estos momentos en la Facultad de Derecho, estando en tramitaci\u00f3n otro t\u00edtulo propio de Experto en Mediaci\u00f3n Laboral.<\/p>\r\n<p style=\"text-align: justify;\"><a href=\"http:\/\/centros.unileon.es\/derecho\/wp-content\/blogs.dir\/4\/files\/2013\/10\/Tr\u00edptico-Curso-Mediaci\u00f3n-Familiar.pdf\">Tr\u00edptico informativo del Curso<\/a>.<\/p>\r\n<p style=\"text-align: justify;\"><strong>\u00bfQu\u00e9 es?<\/strong><\/p>\r\n\r\n<\/div>\r\n<p style=\"text-align: justify;\">El Curso de Experto en Mediaci\u00f3n de Conflictos Familiares viene imparti\u00e9ndose en la Facultad de Derecho de la Universidad de Le\u00f3n desde el pasado Curso 2012\/2013.<\/p>\r\n<p style=\"text-align: justify;\">Se trata de un T\u00edtulo Propio de la Universidad de Le\u00f3n, para el que se ha solicitado la correspondiente acreditaci\u00f3n por la Junta De Castilla y Le\u00f3n, que ya lo ha acreditado para la I promoci\u00f3n.<\/p>\r\n<p style=\"text-align: justify;\">Se encuentra estructurado en un curso presencial con una duraci\u00f3n de 300 horas. El contenido del Curso recoge las exigencias de la legislaci\u00f3n auton\u00f3mica y estatal en materia de mediaci\u00f3n familiar.<\/p>\r\n<p style=\"text-align: justify;\">El Curso de Experto en Mediaci\u00f3n de Conflictos Familiares se imparte en el edificio de las Facultades de Derecho y\u00a0Ciencias del Trabajo, sito en el Campus de Vegazana, en horario de tarde (de 16:00 a 20:00 hs.) los jueves y viernes.<\/p>\r\n<p style=\"text-align: justify;\">Las Directoras del Curso son las\u00a0 Profesoras Dras. D\u00aa Elena D\u00edez Garc\u00eda y D\u00aa Gema Vallejo P\u00e9rez.<\/p>\r\n\r\n<div style=\"text-align: justify;\">\r\n\r\n<strong>\u00a0\u00bfQu\u00e9 competencias se adquieren?<\/strong>\r\n\r\n<\/div>\r\n<p style=\"text-align: justify;\">El Curso de Experto en Mediaci\u00f3n de Conflictos Familares tiene como objetivo formativo general proporcionar a los alumnos una preparaci\u00f3n integral, que incluya aspectos te\u00f3ricos y, sobre todo pr\u00e1cticos, del conjunto de elementos que integran la Mediaci\u00f3n Familiar y, en consecuencia, les permitan desarrollar en su futuro profesional la pr\u00e1ctica de la mediaci\u00f3n familiar.<\/p>\r\n\r\n<div style=\"text-align: justify;\">\r\n\r\n<strong>Salidas profesionales<\/strong>\r\n\r\n<\/div>\r\n<p style=\"text-align: justify;\">El Curso de Experto en Mediaci\u00f3n de Conflictos Familares ofrece una formaci\u00f3n avanzada y especializada en la materia, que capacita al futuro titulado para el ejercicio de, entre otras, las siguientes actividades profesionales:<\/p>\r\n<p style=\"text-align: justify;\">&#8211; Ejercicio de la profesi\u00f3n libre, como mediador\/a familiar.<\/p>\r\n<p style=\"text-align: justify;\">&#8211; Prestaci\u00f3n de servicios en Centros de Atenci\u00f3n a la Familia, Unidades de Mediaci\u00f3n Familiar Intrajudicial, y Centros P\u00fablicos de Mediaci\u00f3n Familiar.<\/p>\r\n\r\n<div style=\"text-align: justify;\">\r\n\r\n<strong>Destinatarios<\/strong>\r\n\r\n<\/div>\r\n<p style=\"text-align: justify;\">Integrado en el segundo ciclo de las ense\u00f1anzas universitarias, el Curso de Experto en Mediaci\u00f3n de Conflictos Familiares est\u00e1 especialmente orientado a quienes procedan de las licenciaturas y grados en Derecho, Ciencias del Trabajo, Relaciones Laborales y Recursos Humanos, Psicolog\u00eda, Pedagog\u00eda, Graduados Sociales, Diplomados en Relaciones Laborales, Psicopedagog\u00eda, as\u00ed como otras profesiones relacionadas con el \u00e1mbito familiar. Tambi\u00e9n ser\u00e1 de gran utilidad para aquellos profesionales del sector que deseen ampliar su formaci\u00f3n o reciclar y actualizar conocimientos.<\/p>\r\n<p style=\"text-align: justify;\">\u2014\u2014\u2014\u2014\u2014\u2014\u2013<\/p>\r\n<p style=\"text-align: justify;\">Para m\u00e1s informaci\u00f3n sobre estos estudios universitarios oficiales de posgrado de la Universidad de Le\u00f3n puedes dirigirte a:<\/p>\r\n<p style=\"text-align: justify;\"><b>&#8211; UNIDAD DE POSGRADO<\/b><\/p>\r\n<p style=\"text-align: justify;\"><b><span style=\"text-decoration: underline;\">Lugar:<\/span><\/b> Estudios de Posgrado.<\/p>\r\n<p style=\"text-align: justify;\">Edificio Gesti\u00f3n Acad\u00e9mica.<\/p>\r\n<p style=\"text-align: justify;\">Campus de Vegazana. 24071 Le\u00f3n<\/p>\r\n<p style=\"text-align: justify;\"><b><span style=\"text-decoration: underline;\">Tel\u00e9fono:<\/span><\/b> 987 29 16 96 y 987 29 34 63<\/p>\r\n<p style=\"text-align: justify;\"><b><span style=\"text-decoration: underline;\">Correo electr\u00f3nico<\/span><\/b>: <a href=\"mailto:posgrado@unileon.es\">posgrado@unileon.es<\/a><\/p>\r\n<p style=\"text-align: justify;\"><b><span style=\"text-decoration: underline;\">Documentaci\u00f3n<\/span><\/b>: Al realizar la inscripci\u00f3n deber\u00e1 acompa\u00f1ar: T\u00edtulo Universitario y Expediente Acad\u00e9mico.<\/p>\r\n<p style=\"text-align: justify;\"><\/p>","protected":false},"excerpt":{"rendered":"<p>Esta t\u00edtulo no se imparte en estos momentos en la Facultad de Derecho, estando en tramitaci\u00f3n otro t\u00edtulo propio de Experto en Mediaci\u00f3n Laboral. Tr\u00edptico informativo del Curso. \u00bfQu\u00e9 es? El Curso de Experto en Mediaci\u00f3n de Conflictos Familiares viene imparti\u00e9ndose en la Facultad de Derecho de la Universidad de Le\u00f3n desde el pasado Curso [&hellip;]<\/p>\n","protected":false},"author":67,"featured_media":0,"parent":0,"menu_order":0,"comment_status":"closed","ping_status":"open","template":"","meta":{"footnotes":""},"class_list":["post-349","page","type-page","status-publish","hentry"],"_links":{"self":[{"href":"https:\/\/centros.unileon.es\/derecho\/wp-json\/wp\/v2\/pages\/349","targetHints":{"allow":["GET"]}}],"collection":[{"href":"https:\/\/centros.unileon.es\/derecho\/wp-json\/wp\/v2\/pages"}],"about":[{"href":"https:\/\/centros.unileon.es\/derecho\/wp-json\/wp\/v2\/types\/page"}],"author":[{"embeddable":true,"href":"https:\/\/centros.unileon.es\/derecho\/wp-json\/wp\/v2\/users\/67"}],"replies":[{"embeddable":true,"href":"https:\/\/centros.unileon.es\/derecho\/wp-json\/wp\/v2\/comments?post=349"}],"version-history":[{"count":3,"href":"https:\/\/centros.unileon.es\/derecho\/wp-json\/wp\/v2\/pages\/349\/revisions"}],"predecessor-version":[{"id":732,"href":"https:\/\/centros.unileon.es\/derecho\/wp-json\/wp\/v2\/pages\/349\/revisions\/732"}],"wp:attachment":[{"href":"https:\/\/centros.unileon.es\/derecho\/wp-json\/wp\/v2\/media?parent=349"}],"curies":[{"name":"wp","href":"https:\/\/api.w.org\/{rel}","templated":true}]}}