{"id":3103,"date":"2019-08-26T11:54:24","date_gmt":"2019-08-26T11:54:24","guid":{"rendered":"https:\/\/centros.unileon.es\/derecho\/?page_id=3103"},"modified":"2024-10-03T14:59:37","modified_gmt":"2024-10-03T14:59:37","slug":"servicios-e-instalaciones-del-centro","status":"publish","type":"page","link":"https:\/\/centros.unileon.es\/derecho\/servicios-e-instalaciones-del-centro\/","title":{"rendered":"Servicios e Instalaciones del Centro"},"content":{"rendered":"<ul>\r\n \t<li class=\"first-child\"><strong>Conserjer\u00eda<\/strong><\/li>\r\n \t<li><strong>Unidad Administrativa \/ Secretar\u00eda<\/strong><\/li>\r\n \t<li><strong>Servicio de Reprograf\u00eda<\/strong><\/li>\r\n \t<li><strong>Delegaci\u00f3n de Alumnos<\/strong><\/li>\r\n \t<li><strong>Aulas y espacios disponibles para la docencia<\/strong><\/li>\r\n \t<li><a href=\"https:\/\/bibliotecas.unileon.es\/derecho\/\"><strong>Biblioteca del Centro<\/strong><\/a><\/li>\r\n \t<li><strong>Aula de Inform\u00e1tica<\/strong><\/li>\r\n \t<li><strong>Sala de Vistas<\/strong><\/li>\r\n \t<li><strong>Sal\u00f3n de Grados y Sala de Juntas<\/strong><\/li>\r\n \t<li class=\"last-child\"><strong>Red Inal\u00e1mbrica<\/strong><\/li>\r\n<\/ul>\r\n&nbsp;\r\n<p style=\"text-align: justify;\">La Facultad de Derecho es un edificio moderno y emblem\u00e1tico dentro del Campus universitario de Le\u00f3n. Cuenta con diversas aulas adecuadas a los diferentes grupos de docencia, tanto te\u00f3rica como pr\u00e1ctica. Es destacable la instalaci\u00f3n de un Aula de pr\u00e1ctica jur\u00eddica que reproduce una Sala de Vistas, con lo que se adelanta uno de los foros posibles en que nuestros titulados van a desempe\u00f1ar su trabajo. Dispone de dos aulas de inform\u00e1tica, de un despacho para los representantes de los alumnos, una Sala de Juntas para reuniones tanto de profesores como de estudiantes y un amplio Sal\u00f3n de Grados donde se celebran los eventos m\u00e1s relevantes de la Facultad.<\/p>\r\n<p id=\"conserjeria\" style=\"text-align: justify;\"><strong>Conserjer\u00eda<\/strong><\/p>\r\n<p style=\"text-align: justify;\">Ubicada en la planta baja del edificio, con acceso desde el hall principal, desde la Conserjer\u00eda se prestan los servicios b\u00e1sicos de proporcionar informaci\u00f3n, reserva y revisi\u00f3n de aulas, control de las personas ajenas al Centro, servicios adecuados a la naturaleza de sus funciones en archivos, almacenes, aulas, etc., y cualesquiera otras tareas de car\u00e1cter an\u00e1logo que por raz\u00f3n del servicio se le encomienden. El horario de atenci\u00f3n al p\u00fablico es de 7:30 a 2o:30 horas ininterrumpidamente.<\/p>\r\n<p id=\"secretaria\" style=\"text-align: justify;\"><strong>Unidad Administrativa \/ Secretar\u00eda<\/strong><\/p>\r\n<p style=\"text-align: justify;\">Ubicada en la planta baja (puerta n\u00ba 47), se encarga de realizar la gesti\u00f3n administrativa de las actividades docentes del Centro, expedir certificados acad\u00e9micos, tramitar las propuestas de traslado de expedientes, matriculaci\u00f3n, etc., y cualquier otra funci\u00f3n orientada al adecuado cumplimiento de sus fines o que le sea atribuida por la normativa vigente o por el Estatuto de la Universidad de Le\u00f3n. El horario de atenci\u00f3n al p\u00fablico es de 9:00 a 14:00 horas ininterrumpidamente.<\/p>\r\n<p id=\"reprografia\" style=\"text-align: justify;\"><strong>Servicio de Reprograf\u00eda<\/strong><\/p>\r\n<p style=\"text-align: justify;\">Constituye un servicio concertado por la Universidad de Le\u00f3n que se presta en el Edificio de Servicios del Campus de Vegazana con horario de atenci\u00f3n al p\u00fablico es de 8:30 a 19:30 y en la Facultad de Ciencias Econ\u00f3micas y Empresariales con horario de atenci\u00f3n al p\u00fablico de 08:30 a 14:00 horas y de 16:00 a 19:00 horas.<\/p>\r\n<p style=\"text-align: justify;\"><strong>Delegaci\u00f3n de Alumnos <\/strong><\/p>\r\n<p style=\"text-align: justify;\">Los alumnos est\u00e1n presentes en los diversos \u00d3rganos de Gobierno de la ULE y de la Facultad, a trav\u00e9s de los representantes elegidos por los propios estudiantes.<\/p>\r\n<p style=\"text-align: justify;\">Los representantes act\u00faan de enlace entre el alumnado y el equipo decanal, y entre el alumnado y el profesorado, colaborando en la confecci\u00f3n del calendario de ex\u00e1menes y de los horarios de clases y formando parte activa en la difusi\u00f3n de informaci\u00f3n, en la organizaci\u00f3n y participaci\u00f3n en actividades de extensi\u00f3n universitaria y en otros asuntos de inter\u00e9s para la vida universitaria del estudiante.<\/p>\r\n<p style=\"text-align: justify;\">En la Facultad de Derecho, la sede de la <strong>Delegaci\u00f3n<\/strong><strong> de Alumnos <\/strong>se encuentra en un despacho situado en la planta baja del edificio, con acceso desde el hall principal. Su tel\u00e9fono de contacto es 987 29 1351.<\/p>\r\n<p id=\"docencia\" style=\"text-align: justify;\"><strong>Aulas y espacios disponibles para la docencia<\/strong><\/p>\r\n<p style=\"text-align: justify;\">A continuaci\u00f3n se especifica la ubicaci\u00f3n (N\u00ba), la capacidad y el equipamiento de las diversas aulas de que dispone la Facultad de Derecho para la impartici\u00f3n de las clases ordinarias, as\u00ed como los datos referentes a los despachos y seminarios de las \u00e1reas de conocimiento donde tambi\u00e9n se desarrollan algunas actividades docentes (pr\u00e1cticas en grupos peque\u00f1os, seminarios, etc.).<\/p>\r\n\r\n<table>\r\n<tbody>\r\n<tr>\r\n<td valign=\"top\" width=\"184\"><strong>Tipo de espacio<\/strong><\/td>\r\n<td valign=\"top\" width=\"39\"><strong>N\u00ba<\/strong><\/td>\r\n<td valign=\"top\" width=\"89\"><strong>Capacidad<\/strong><\/td>\r\n<td valign=\"top\" width=\"312\"><strong>Equipamiento del local<\/strong><\/td>\r\n<\/tr>\r\n<tr>\r\n<td valign=\"top\" width=\"184\">\r\n<h6>Aula<\/h6>\r\n<\/td>\r\n<td valign=\"top\" width=\"39\">\r\n<h6>1A<\/h6>\r\n<h6>1B<\/h6>\r\n<h6>1C<\/h6>\r\n<\/td>\r\n<td valign=\"top\" width=\"89\">\r\n<h6>122<\/h6>\r\n<h6>100<\/h6>\r\n<h6>120<\/h6>\r\n<\/td>\r\n<td valign=\"top\" width=\"312\">\r\n<h6>Megafon\u00eda inal\u00e1mb.\/Ca\u00f1\u00f3n\/V\u00eddeo\/Ordenador<\/h6>\r\n<\/td>\r\n<\/tr>\r\n<tr>\r\n<td valign=\"top\" width=\"184\">\r\n<h6>Aula<\/h6>\r\n<\/td>\r\n<td valign=\"top\" width=\"39\">\r\n<h6>2<\/h6>\r\n<\/td>\r\n<td valign=\"top\" width=\"89\">\r\n<h6>286<\/h6>\r\n<\/td>\r\n<td valign=\"top\" width=\"312\">\r\n<h6>Megafon\u00eda inal\u00e1mb.\/Ca\u00f1\u00f3n\/V\u00eddeo\/Ordenador<\/h6>\r\n<\/td>\r\n<\/tr>\r\n<tr>\r\n<td valign=\"top\" width=\"184\">\r\n<h6>Aula<\/h6>\r\n<\/td>\r\n<td valign=\"top\" width=\"39\">\r\n<h6>3<\/h6>\r\n<\/td>\r\n<td valign=\"top\" width=\"89\">\r\n<h6>264<\/h6>\r\n<\/td>\r\n<td valign=\"top\" width=\"312\">\r\n<h6>Megafon\u00eda inal\u00e1mb.\/Ca\u00f1\u00f3n\/V\u00eddeo\/Ordenador<\/h6>\r\n<\/td>\r\n<\/tr>\r\n<tr>\r\n<td valign=\"top\" width=\"184\">\r\n<h6>Aula<\/h6>\r\n<\/td>\r\n<td valign=\"top\" width=\"39\">\r\n<h6>4A<\/h6>\r\n<h6>4B<\/h6>\r\n<\/td>\r\n<td valign=\"top\" width=\"89\">\r\n<h6>72<\/h6>\r\n<h6>64<\/h6>\r\n<\/td>\r\n<td valign=\"top\" width=\"312\">\r\n<h6>Megafon\u00eda inal\u00e1mb.\/Ca\u00f1\u00f3n\/V\u00eddeo\/OrdenadorMegafon\u00eda inal\u00e1mb. \/Ca\u00f1\u00f3n\/V\u00eddeo\/Ordenador<\/h6>\r\n<\/td>\r\n<\/tr>\r\n<tr>\r\n<td valign=\"top\" width=\"184\">\r\n<h6>Aula<\/h6>\r\n<\/td>\r\n<td valign=\"top\" width=\"39\">\r\n<h6>5<\/h6>\r\n<\/td>\r\n<td valign=\"top\" width=\"89\">\r\n<h6>184<\/h6>\r\n<\/td>\r\n<td valign=\"top\" width=\"312\">\r\n<h6>Megafon\u00eda inal\u00e1mb.\/Ca\u00f1\u00f3n\/V\u00eddeo\/Ordenador<\/h6>\r\n<\/td>\r\n<\/tr>\r\n<tr>\r\n<td valign=\"top\" width=\"184\">\r\n<h6>Aula<\/h6>\r\n<\/td>\r\n<td valign=\"top\" width=\"39\">\r\n<h6>6A<\/h6>\r\n<h6>6B<\/h6>\r\n<\/td>\r\n<td valign=\"top\" width=\"89\">\r\n<h6>72<\/h6>\r\n<h6>72<\/h6>\r\n<\/td>\r\n<td valign=\"top\" width=\"312\">\r\n<h6>Megafon\u00eda inal\u00e1mb.\/Ca\u00f1\u00f3n\/V\u00eddeo\/OrdenadorMegafon\u00eda inal\u00e1mb.\/Ca\u00f1\u00f3n\/V\u00eddeo\/Ordenador<\/h6>\r\n<\/td>\r\n<\/tr>\r\n<tr>\r\n<td valign=\"top\" width=\"184\">\r\n<h6>Aula (Sala de Vistas)<\/h6>\r\n<\/td>\r\n<td valign=\"top\" width=\"39\">\r\n<h6>7<\/h6>\r\n<\/td>\r\n<td valign=\"top\" width=\"89\">\r\n<h6>27<\/h6>\r\n<\/td>\r\n<td valign=\"top\" width=\"312\">\r\n<h6>Equipo de grabaci\u00f3n de imagen y sonido. Megafon\u00eda inal\u00e1mb.\/Ca\u00f1\u00f3n\/V\u00eddeo\/Ordenador<\/h6>\r\n<\/td>\r\n<\/tr>\r\n<tr>\r\n<td valign=\"top\" width=\"184\">\r\n<h6>Aula<\/h6>\r\n<\/td>\r\n<td valign=\"top\" width=\"39\">\r\n<h6>8<\/h6>\r\n<\/td>\r\n<td valign=\"top\" width=\"89\">\r\n<h6>54<\/h6>\r\n<\/td>\r\n<td valign=\"top\" width=\"312\">\r\n<h6>Megafon\u00eda inal\u00e1mb.\/Ca\u00f1\u00f3n\/V\u00eddeo\/Ordenador<\/h6>\r\n<\/td>\r\n<\/tr>\r\n<tr>\r\n<td valign=\"top\" width=\"184\">\r\n<h6>Aula<\/h6>\r\n<\/td>\r\n<td valign=\"top\" width=\"39\">\r\n<h6>9<\/h6>\r\n<\/td>\r\n<td valign=\"top\" width=\"89\">\r\n<h6>54<\/h6>\r\n<\/td>\r\n<td valign=\"top\" width=\"312\">\r\n<h6>Megafon\u00eda inal\u00e1mb.\/Ca\u00f1\u00f3n\/V\u00eddeo\/Ordenador<\/h6>\r\n<\/td>\r\n<\/tr>\r\n<tr>\r\n<td valign=\"top\" width=\"184\">\r\n<h6>Aula Inform\u00e1tica<\/h6>\r\n<h6>Sala Multimedia<\/h6>\r\n<\/td>\r\n<td valign=\"top\" width=\"39\">\r\n<h6>64<\/h6>\r\n<\/td>\r\n<td valign=\"top\" width=\"89\">\r\n<h6>20<\/h6>\r\n<h6>12<\/h6>\r\n<\/td>\r\n<td valign=\"top\" width=\"312\">\r\n<h6>Ca\u00f1\u00f3n\/Ordenador<\/h6>\r\n<\/td>\r\n<\/tr>\r\n<tr>\r\n<td valign=\"top\" width=\"184\">\r\n<h6>Seminario \/BibliotecaDerecho del Trabajo III<\/h6>\r\n<\/td>\r\n<td valign=\"top\" width=\"39\">\r\n<h6>56<\/h6>\r\n<\/td>\r\n<td valign=\"top\" width=\"89\">\r\n<h6>10<\/h6>\r\n<\/td>\r\n<td valign=\"top\" width=\"312\">\r\n<h6>Manuales\/Monograf\u00edas\/Revistas<\/h6>\r\n<\/td>\r\n<\/tr>\r\n<tr>\r\n<td valign=\"top\" width=\"184\">\r\n<h6>Seminario \/BibliotecaDerecho Constitucional<\/h6>\r\n<\/td>\r\n<td valign=\"top\" width=\"39\">\r\n<h6>62<\/h6>\r\n<\/td>\r\n<td valign=\"top\" width=\"89\">\r\n<h6>8<\/h6>\r\n<\/td>\r\n<td valign=\"top\" width=\"312\">\r\n<h6>Manuales\/Monograf\u00edas\/Revistas<\/h6>\r\n<\/td>\r\n<\/tr>\r\n<tr>\r\n<td valign=\"top\" width=\"184\">\r\n<h6>Seminario \/BibliotecaFilosof\u00eda del Derecho<\/h6>\r\n<\/td>\r\n<td valign=\"top\" width=\"39\">\r\n<h6>71<\/h6>\r\n<\/td>\r\n<td valign=\"top\" width=\"89\">\r\n<h6>12<\/h6>\r\n<\/td>\r\n<td valign=\"top\" width=\"312\">\r\n<h6>Manuales\/Monograf\u00edas\/Revistas<\/h6>\r\n<\/td>\r\n<\/tr>\r\n<tr>\r\n<td valign=\"top\" width=\"184\">\r\n<h6>Seminario \/BibliotecaDerecho Romano y Derecho del Trabajo II<\/h6>\r\n<\/td>\r\n<td valign=\"top\" width=\"39\">\r\n<h6>73<\/h6>\r\n<\/td>\r\n<td valign=\"top\" width=\"89\">\r\n<h6>7<\/h6>\r\n<\/td>\r\n<td valign=\"top\" width=\"312\">\r\n<h6>Manuales\/Monograf\u00edas\/Revistas<\/h6>\r\n<\/td>\r\n<\/tr>\r\n<tr>\r\n<td valign=\"top\" width=\"184\">\r\n<h6>Seminario \/BibliotecaHistoria del Derecho<\/h6>\r\n<\/td>\r\n<td valign=\"top\" width=\"39\">\r\n<h6>88<\/h6>\r\n<\/td>\r\n<td valign=\"top\" width=\"89\">\r\n<h6>8<\/h6>\r\n<\/td>\r\n<td valign=\"top\" width=\"312\">\r\n<h6>Manuales\/Monograf\u00edas\/Revistas<\/h6>\r\n<\/td>\r\n<\/tr>\r\n<tr>\r\n<td valign=\"top\" width=\"184\">\r\n<h6>Seminario \/BibliotecaDerecho Eclesi\u00e1stico<\/h6>\r\n<\/td>\r\n<td valign=\"top\" width=\"39\">\r\n<h6>90<\/h6>\r\n<\/td>\r\n<td valign=\"top\" width=\"89\">\r\n<h6>10<\/h6>\r\n<\/td>\r\n<td valign=\"top\" width=\"312\">\r\n<h6>Manuales\/Monograf\u00edas\/Revistas<\/h6>\r\n<\/td>\r\n<\/tr>\r\n<tr>\r\n<td valign=\"top\" width=\"184\">\r\n<h6>Seminario \/BibliotecaDerecho Administrativo<\/h6>\r\n<\/td>\r\n<td valign=\"top\" width=\"39\">\r\n<h6>102<\/h6>\r\n<\/td>\r\n<td valign=\"top\" width=\"89\">\r\n<h6>6<\/h6>\r\n<\/td>\r\n<td valign=\"top\" width=\"312\">\r\n<h6>Manuales\/Monograf\u00edas\/Revistas<\/h6>\r\n<\/td>\r\n<\/tr>\r\n<tr>\r\n<td valign=\"top\" width=\"184\">\r\n<h6>Seminario \/BibliotecaDerecho Intern. Publico<\/h6>\r\n<\/td>\r\n<td valign=\"top\" width=\"39\">\r\n<h6>104<\/h6>\r\n<\/td>\r\n<td valign=\"top\" width=\"89\">\r\n<h6>14<\/h6>\r\n<\/td>\r\n<td valign=\"top\" width=\"312\">\r\n<h6>Manuales\/Monograf\u00edas\/Revistas<\/h6>\r\n<\/td>\r\n<\/tr>\r\n<tr>\r\n<td valign=\"top\" width=\"184\">\r\n<h6>Seminario \/BibliotecaDerecho Penal<\/h6>\r\n<\/td>\r\n<td valign=\"top\" width=\"39\">\r\n<h6>113<\/h6>\r\n<\/td>\r\n<td valign=\"top\" width=\"89\">\r\n<h6>10<\/h6>\r\n<\/td>\r\n<td valign=\"top\" width=\"312\">\r\n<h6>Manuales\/Monograf\u00edas\/Revistas<\/h6>\r\n<\/td>\r\n<\/tr>\r\n<tr>\r\n<td valign=\"top\" width=\"184\">\r\n<h6>Seminario \/BibliotecaDerecho Procesal<\/h6>\r\n<\/td>\r\n<td valign=\"top\" width=\"39\">\r\n<h6>117<\/h6>\r\n<\/td>\r\n<td valign=\"top\" width=\"89\">\r\n<h6>12<\/h6>\r\n<\/td>\r\n<td valign=\"top\" width=\"312\">\r\n<h6>Manuales\/Monograf\u00edas\/Revistas<\/h6>\r\n<\/td>\r\n<\/tr>\r\n<tr>\r\n<td valign=\"top\" width=\"184\">\r\n<h6>Seminario \/BibliotecaDerecho Financiero<\/h6>\r\n<\/td>\r\n<td valign=\"top\" width=\"39\">\r\n<h6>130<\/h6>\r\n<\/td>\r\n<td valign=\"top\" width=\"89\">\r\n<h6>12<\/h6>\r\n<\/td>\r\n<td valign=\"top\" width=\"312\">\r\n<h6>Manuales\/Monograf\u00edas\/Revistas<\/h6>\r\n<\/td>\r\n<\/tr>\r\n<tr>\r\n<td valign=\"top\" width=\"184\">\r\n<h6>Seminario \/BibliotecaDerecho Civil<\/h6>\r\n<\/td>\r\n<td valign=\"top\" width=\"39\">\r\n<h6>136<\/h6>\r\n<\/td>\r\n<td valign=\"top\" width=\"89\">\r\n<h6>10<\/h6>\r\n<\/td>\r\n<td valign=\"top\" width=\"312\">\r\n<h6>Manuales\/Monograf\u00edas\/Revistas<\/h6>\r\n<\/td>\r\n<\/tr>\r\n<tr>\r\n<td valign=\"top\" width=\"184\">\r\n<h6>Seminario \/BibliotecaDerecho del Trabajo<\/h6>\r\n<\/td>\r\n<td valign=\"top\" width=\"39\">\r\n<h6>152<\/h6>\r\n<\/td>\r\n<td valign=\"top\" width=\"89\">\r\n<h6>6<\/h6>\r\n<\/td>\r\n<td valign=\"top\" width=\"312\">\r\n<h6>Manuales\/Monograf\u00edas\/Revistas<\/h6>\r\n<\/td>\r\n<\/tr>\r\n<tr>\r\n<td valign=\"top\" width=\"184\">\r\n<h6>Seminario \/BibliotecaDerecho Mercantil<\/h6>\r\n<\/td>\r\n<td valign=\"top\" width=\"39\">\r\n<h6>165<\/h6>\r\n<\/td>\r\n<td valign=\"top\" width=\"89\">\r\n<h6>14<\/h6>\r\n<\/td>\r\n<td valign=\"top\" width=\"312\">\r\n<h6>Manuales\/Monograf\u00edas\/Revistas<\/h6>\r\n<\/td>\r\n<\/tr>\r\n<tr>\r\n<td valign=\"top\" width=\"184\">\r\n<h6>Seminario \/BibliotecaDerecho Intern. Privado<\/h6>\r\n<\/td>\r\n<td valign=\"top\" width=\"39\">\r\n<h6>148<\/h6>\r\n<\/td>\r\n<td valign=\"top\" width=\"89\">\r\n<h6>10<\/h6>\r\n<\/td>\r\n<td valign=\"top\" width=\"312\">\r\n<h6>Manuales\/Monograf\u00edas\/Revistas<\/h6>\r\n<\/td>\r\n<\/tr>\r\n<\/tbody>\r\n<\/table>\r\n<a href=\"https:\/\/bibliotecas.unileon.es\/derecho\/\"><strong>Biblioteca del Centro<\/strong><\/a>\r\n<p style=\"text-align: justify;\">La Facultad de Derecho cuenta con los siguientes espacios de estudio:<\/p>\r\n\r\n<table>\r\n<tbody>\r\n<tr>\r\n<td valign=\"top\" width=\"184\">Biblioteca<\/td>\r\n<td valign=\"top\" width=\"39\">Puerta n\u00ba. 11<\/td>\r\n<td valign=\"top\" width=\"89\">Capacidad: 18 personas<\/td>\r\n<td valign=\"top\" width=\"312\">Equipamiento: Cuatro ordenadores para consulta de bases de datos. Siete ordenadores mini port\u00e1tiles<\/td>\r\n<\/tr>\r\n<tr>\r\n<td valign=\"top\" width=\"184\">Sala de Lectura<\/td>\r\n<td valign=\"top\" width=\"39\">Puerta n\u00ba. 31<\/td>\r\n<td valign=\"top\" width=\"89\">Capacidad: 120 personas<\/td>\r\n<td valign=\"top\" width=\"312\">Equipamiento: Una conexi\u00f3n para ordenador por puesto<\/td>\r\n<\/tr>\r\n<\/tbody>\r\n<\/table>\r\n<p id=\"informatica\" style=\"text-align: justify;\"><strong>Aula de Inform\u00e1tica<\/strong><\/p>\r\n<p style=\"text-align: justify;\">La Facultad de Derecho dispone de un Aula Inform\u00e1tica (ubicada en la planta 1\u00aa, puerta n\u00ba.64), dotada en la actualidad de 20 equipos inform\u00e1ticos. La utilizaci\u00f3n de dichos equipos est\u00e1 destinada a los alumnos, pudiendo hacerse uso tanto del software de los mismos (con impresora en red) como de la conexi\u00f3n a internet de la que todos disponen sin necesidad de usar de la red Wi-Fi, con la que tambi\u00e9n cuenta el edificio con una cobertura del 100%.<\/p>\r\n<p style=\"text-align: justify;\">Am\u00e9n de la coordinaci\u00f3n con el Servicio de Inform\u00e1tica y Comunicaciones, la ULE pone a disposici\u00f3n del Aula Inform\u00e1tica un becario con dedicaci\u00f3n a tiempo parcial, debidamente seleccionado de entre los alumnos que concurren a las becas que se convocan con esta finalidad.<\/p>\r\n<p style=\"text-align: justify;\">Asimismo, en la planta baja (junto a la Conserjer\u00eda) se ha habilitado una peque\u00f1a Sala Multimedia, la cual dispone de 12 ordenadores con conexi\u00f3n a internet, ca\u00f1\u00f3n y pantalla digital.<\/p>\r\n<p id=\"visitas\" style=\"text-align: justify;\"><strong>Sala de Vistas<\/strong><\/p>\r\n<p style=\"text-align: justify;\">La Facultad de Derecho de la Universidad de Le\u00f3n cuenta con una Sala de Vistas desde el a\u00f1o 2003, que en su momento fue pionera entre las Facultades de Derecho de Espa\u00f1a. La instalaci\u00f3n y dotaci\u00f3n de la misma result\u00f3 posible gracias a la colaboraci\u00f3n entre la ULE y los Ilustres Colegios de Abogados y de Procuradores de Le\u00f3n.<\/p>\r\n<p style=\"text-align: justify;\">La Sala de Vistas \u2013ubicada en la planta 1\u00aa del edificio de la Facultad (Aula 7, puerta n\u00ba 78)- reproduce, en su apariencia y medios t\u00e9cnicos, las caracter\u00edsticas de los Tribunales de Justicia, tanto en la configuraci\u00f3n y distribuci\u00f3n del estrado como en la incorporaci\u00f3n del sistema de grabaci\u00f3n y reproducci\u00f3n de imagen y sonido (forma ordinaria de documentaci\u00f3n de las actuaciones judiciales orales desde la entrada en vigor de la Ley 1\/2000, de 7 de enero, de Enjuiciamiento Civil).<\/p>\r\n<p style=\"text-align: justify;\">Para el desarrollo de las actuaciones judiciales en la referida Sala, el Ilustre Colegio de Abogados de Le\u00f3n don\u00f3 las togas requeridas a tal fin por Jueces, Secretarios Judiciales, Abogados y Procuradores.<\/p>\r\n<p id=\"salas\" style=\"text-align: justify;\"><strong>Sal\u00f3n de Grados y Sala de Juntas<\/strong><\/p>\r\n<p style=\"text-align: justify;\">Adem\u00e1s de las aulas, salas y despachos anteriormente descritos, la Facultad de Derecho dispone de un <strong>Sal\u00f3n de Grados <\/strong>\u2013\u201c<em>Aula Alfonso IX de Le\u00f3n<\/em>\u201d- ubicado en la planta baja (puerta n\u00ba 17), con capacidad para 240 personas y dotado de megafon\u00eda inal\u00e1mbrica, ca\u00f1\u00f3n, v\u00eddeo y ordenador. En \u00e9l se celebran cursos, seminarios y conferencias para completar la formaci\u00f3n del alumno, se defienden tesis doctorales y, en general, se realizan los actos m\u00e1s solemnes y relevantes de la Facultad.<\/p>\r\n<p style=\"text-align: justify;\">Asimismo en la planta baja del edificio (puerta n\u00ba.38), se encuentra la <strong>Sala<\/strong><strong> de Juntas<\/strong> \u2013con capacidad para 40 personas- donde se celebran las sesiones de los \u00f3rganos de gobierno de la Facultad, algunas actividades docentes extraordinarias y diversas reuniones tanto de profesores como de estudiantes.<\/p>\r\n<p id=\"red\" style=\"text-align: justify;\"><strong>Red Inal\u00e1mbrica<\/strong><\/p>\r\n<p style=\"text-align: justify;\">La Facultad de Derecho dispone de cobertura de red inal\u00e1mbrica tanto en el exterior como en el interior del edificio, siendo su cobertura interior del 100% de los espacios del Centro.<\/p>","protected":false},"excerpt":{"rendered":"<p>Conserjer\u00eda Unidad Administrativa \/ Secretar\u00eda Servicio de Reprograf\u00eda Delegaci\u00f3n de Alumnos Aulas y espacios disponibles para la docencia Biblioteca del Centro Aula de Inform\u00e1tica Sala de Vistas Sal\u00f3n de Grados y Sala de Juntas Red Inal\u00e1mbrica &nbsp; La Facultad de Derecho es un edificio moderno y emblem\u00e1tico dentro del Campus universitario de Le\u00f3n. Cuenta con [&hellip;]<\/p>\n","protected":false},"author":149,"featured_media":0,"parent":0,"menu_order":0,"comment_status":"closed","ping_status":"closed","template":"","meta":{"footnotes":""},"class_list":["post-3103","page","type-page","status-publish","hentry"],"_links":{"self":[{"href":"https:\/\/centros.unileon.es\/derecho\/wp-json\/wp\/v2\/pages\/3103","targetHints":{"allow":["GET"]}}],"collection":[{"href":"https:\/\/centros.unileon.es\/derecho\/wp-json\/wp\/v2\/pages"}],"about":[{"href":"https:\/\/centros.unileon.es\/derecho\/wp-json\/wp\/v2\/types\/page"}],"author":[{"embeddable":true,"href":"https:\/\/centros.unileon.es\/derecho\/wp-json\/wp\/v2\/users\/149"}],"replies":[{"embeddable":true,"href":"https:\/\/centros.unileon.es\/derecho\/wp-json\/wp\/v2\/comments?post=3103"}],"version-history":[{"count":7,"href":"https:\/\/centros.unileon.es\/derecho\/wp-json\/wp\/v2\/pages\/3103\/revisions"}],"predecessor-version":[{"id":5675,"href":"https:\/\/centros.unileon.es\/derecho\/wp-json\/wp\/v2\/pages\/3103\/revisions\/5675"}],"wp:attachment":[{"href":"https:\/\/centros.unileon.es\/derecho\/wp-json\/wp\/v2\/media?parent=3103"}],"curies":[{"name":"wp","href":"https:\/\/api.w.org\/{rel}","templated":true}]}}