{"id":1156,"date":"2011-05-30T08:26:38","date_gmt":"2011-05-30T08:26:38","guid":{"rendered":"http:\/\/centros.unileon.es\/biologia\/?page_id=1156"},"modified":"2019-11-21T13:03:45","modified_gmt":"2019-11-21T13:03:45","slug":"grado-en-ciencias-ambientales-informacion","status":"publish","type":"page","link":"https:\/\/centros.unileon.es\/biologia\/grado-en-ciencias-ambientales-informacion\/","title":{"rendered":"Grado en Ciencias Ambientales: Informaci\u00f3n."},"content":{"rendered":"<div align=\"center\"><a href=\"\/\/centros.unileon.es\/biologia\/files\/2015\/06\/SanAlberto2013.jpg\"><img loading=\"lazy\" decoding=\"async\" class=\"aligncenter size-medium wp-image-2952\" src=\"\/\/centros.unileon.es\/biologia\/files\/2015\/06\/SanAlberto2013.jpg\" width=\"375\" height=\"360\" \/><\/a><\/div>\r\n<h2>Calendario escolar<\/h2>\r\n<ul>\r\n\t<li>\r\n<h4 style=\"text-align: justify;\"><a href=\"\/\/centros.unileon.es\/biologia\/files\/2019\/07\/Calendario-OFICIAL-FCCBA-2019_2020.pdf\"><strong style=\"font-size: 16px;\"><span style=\"color: #800000;\"><span style=\"color: #000000;\">Calendario escolar 2019-2020. <\/span><\/span><\/strong><\/a><span style=\"color: #800000;\"><span style=\"color: #000000;\">(Comienzo de las clases el d\u00eda 09\/09\/2019 salvo los alumnos de PRIMER CURSO que comienzan el d\u00eda 04\/09\/2019)<\/span><\/span><\/h4>\r\n<\/li>\r\n<\/ul>\r\n<h2>Aulas disponibles para la docencia<\/h2>\r\n<ul>\r\n\t<li><a href=\"\/\/centros.unileon.es\/biologia\/files\/2019\/07\/FCCBA_Distribucion_aulas_2019.pdf\">AULAS DOCENCIA 2019\/2020<\/a><\/li>\r\n<\/ul>\r\n<ul>\r\n\t<li><span style=\"color: #800000;\"><strong>Acceso al gestor de aulas de la Facultad<\/strong><\/span><a href=\"\/\/severoochoa1.unileon.es\/aulas\/day.php?area=2&amp;room=18\"> (CONSULTAR EL SEVEROOCHOA PINCHANDO AQU\u00cd)<\/a><\/li>\r\n<\/ul>\r\n<h2>Agendas de Actividades<\/h2>\r\n<ul>\r\n\t<li><a href=\"\/\/centros.unileon.es\/biologia\/files\/2019\/07\/Jornada-de-acogida-y-presentacion-2019_2020.pdf\">Jornada de Acogida y Presentaci\u00f3n Primer Curso de los tres Grados 2019\/2020.<\/a><\/li>\r\n<\/ul>\r\n<ul>\r\n\t<li><a href=\"\/\/centros.unileon.es\/biologia\/agendas-ciencias-ambientales-1er-semestre\/\">Agendas aprobadas en la Junta de Facultad<\/a>. <strong>Comprobad las Agendas de Actividades en el apartado Agendas (Google Calendar) ya que es donde se encuentran las versiones m\u00e1s actualizadas.<\/strong><\/li>\r\n<\/ul>\r\n<div align=\"center\">\u00a0<\/div>\r\n<h2>Calendario de evaluaci\u00f3n<\/h2>\r\n<ul>\r\n\t<li><a href=\"https:\/\/centros.unileon.es\/biologia\/files\/2019\/11\/IMPRESO-2.-Plantilla_Convocatoria-Extraordinaria_Curso-2019_2020.pdf\">Cuadro-horario de ex\u00e1menes de la Segunda Convocatoria Ordinaria. Curso 2019-20.<\/a><\/li>\r\n<\/ul>\r\n<h2>Organizaci\u00f3n docente<\/h2>\r\n<ul>\r\n\t<li><strong>Coordinadora Grado CC. Ambientales:<\/strong> <a href=\"\/\/centros.unileon.es\/biologia\/maria-del-camino-fernandez-alaez\/\"> D\u00f1a. Ana Vega Maray<\/a><\/li>\r\n<\/ul>\r\n<ul>\r\n\t<li><strong>Comisi\u00f3n de Coordinaci\u00f3n:<\/strong>\u00a0Comisi\u00f3n de Coordinaci\u00f3n del T\u00edtulo en CCAA 2017-2018<\/li>\r\n<\/ul>\r\n<ul>\r\n\t<li><a href=\"\/\/centros.unileon.es\/biologia\/files\/2019\/07\/COORDINADORES-DE-CURSO-2019_2020.pdf\">COORDINADORES DE CURSO 2019\/2020<\/a><\/li>\r\n<\/ul>\r\n<ul>\r\n\t<li><a href=\"\/\/centros.unileon.es\/biologia\/files\/2019\/02\/DELEGADOS-Curso-2018-2019.pdf\">DELEGADOS DE CURSO 2018-2019<\/a><\/li>\r\n<\/ul>\r\n<ul>\r\n\t<li><strong>Profesores responsables:<\/strong> Profesores responsables AMBIENTALES &#8211; 2018-2019_Incluyendo correos electr\u00f3nicos<\/li>\r\n<\/ul>\r\n<h2>Asignaturas<\/h2>\r\n<div align=\"center\">\r\n<table border=\"1\">\r\n<tbody>\r\n<tr>\r\n<th align=\"center\"><span style=\"color: #0101df;\">Primer curso<\/span><\/th>\r\n<\/tr>\r\n<tr bgcolor=\"#0101df\">\r\n<th width=\"400\"><span style=\"color: #0080ff;\">1<sup>er<\/sup> Semestre &#8211; Asignaturas<\/span><\/th>\r\n<\/tr>\r\n<tr>\r\n<td>Biolog\u00eda fundamental<\/td>\r\n<\/tr>\r\n<tr>\r\n<td>Geolog\u00eda I<\/td>\r\n<\/tr>\r\n<tr>\r\n<td>Matem\u00e1ticas<\/td>\r\n<\/tr>\r\n<tr>\r\n<td>Qu\u00edmica<\/td>\r\n<\/tr>\r\n<tr bgcolor=\"#0101df\">\r\n<th><span style=\"color: #0080ff;\">2<sup>o<\/sup> Semestre &#8211; Asignaturas <\/span><\/th>\r\n<\/tr>\r\n<tr>\r\n<td>Administraci\u00f3n y Legislaci\u00f3n Ambiental<\/td>\r\n<\/tr>\r\n<tr>\r\n<td>Bot\u00e1nica<\/td>\r\n<\/tr>\r\n<tr>\r\n<td>F\u00edsica<\/td>\r\n<\/tr>\r\n<tr>\r\n<td>Estad\u00edstica y Programas Inform\u00e1ticos<\/td>\r\n<\/tr>\r\n<tr>\r\n<td>Sociolog\u00eda y Medio Ambiente<\/td>\r\n<\/tr>\r\n<\/tbody>\r\n<\/table>\r\n<table border=\"1\">\r\n<tbody>\r\n<tr>\r\n<th align=\"center\"><span style=\"color: #0101df;\">Segundo curso<\/span><\/th>\r\n<\/tr>\r\n<tr>\r\n<th width=\"400\"><span style=\"color: #0080ff;\">1<sup>er<\/sup> Semestre &#8211; Asignaturas<\/span><\/th>\r\n<\/tr>\r\n<tr>\r\n<td>Bases de la Ingenier\u00eda Ambiental<\/td>\r\n<\/tr>\r\n<tr>\r\n<td>Ecolog\u00eda de Poblaciones<\/td>\r\n<\/tr>\r\n<tr>\r\n<td>Econom\u00eda Ambiental<\/td>\r\n<\/tr>\r\n<tr>\r\n<td>Meteorolog\u00eda y Climatolog\u00eda<\/td>\r\n<\/tr>\r\n<tr>\r\n<td>Microbiolog\u00eda Ambiental<\/td>\r\n<\/tr>\r\n<tr>\r\n<td>Qu\u00edmica Anal\u00edtica<\/td>\r\n<\/tr>\r\n<tr bgcolor=\"#0101df\">\r\n<th><span style=\"color: #0080ff;\">2<sup>o<\/sup> Semestre &#8211; Asignaturas <\/span><\/th>\r\n<\/tr>\r\n<tr>\r\n<td>Contaminaci\u00f3n Atmosf\u00e9rica<\/td>\r\n<\/tr>\r\n<tr>\r\n<td>Edafolog\u00eda<\/td>\r\n<\/tr>\r\n<tr>\r\n<td>Zoolog\u00eda<\/td>\r\n<\/tr>\r\n<tr>\r\n<td>Trat. Microbiol\u00f3gicos Aplicados al MA<\/td>\r\n<\/tr>\r\n<tr>\r\n<td>Geolog\u00eda II<\/td>\r\n<\/tr>\r\n<tr>\r\n<td>Educaci\u00f3n y Comunicaci\u00f3n Ambiental<\/td>\r\n<\/tr>\r\n<tr>\r\n<td>Qu\u00edmica Ambiental<\/td>\r\n<\/tr>\r\n<\/tbody>\r\n<\/table>\r\n<table border=\"1\">\r\n<tbody>\r\n<tr>\r\n<th align=\"center\"><span style=\"color: #0101df;\">Tercer curso<\/span><\/th>\r\n<\/tr>\r\n<tr bgcolor=\"#0101df\">\r\n<th width=\"400\"><span style=\"color: #0080ff;\">1<sup>er<\/sup> Semestre &#8211; Asignaturas<\/span><\/th>\r\n<\/tr>\r\n<tr>\r\n<td>Cartograf\u00eda-Teledetecci\u00f3n-SIG<\/td>\r\n<\/tr>\r\n<tr>\r\n<td>Evaluaci\u00f3n de Impacto Ambiental<\/td>\r\n<\/tr>\r\n<tr>\r\n<td>Erosi\u00f3n y Desertificaci\u00f3n de Suelos<\/td>\r\n<\/tr>\r\n<tr>\r\n<td>Gesti\u00f3n de Calidad y Prevenci\u00f3n de Riesgos<\/td>\r\n<\/tr>\r\n<tr>\r\n<td>Toxicolog\u00eda y Salud P\u00fablica<\/td>\r\n<\/tr>\r\n<tr bgcolor=\"#0101df\">\r\n<th><span style=\"color: #0080ff;\">2<sup>o<\/sup> Semestre &#8211; Asignaturas <\/span><\/th>\r\n<\/tr>\r\n<tr>\r\n<td>Ecol. de Comunidades y Ecosistemas<\/td>\r\n<\/tr>\r\n<tr>\r\n<td>Gesti\u00f3n de Fauna<\/td>\r\n<\/tr>\r\n<tr>\r\n<td>Gesti\u00f3n de Flora<\/td>\r\n<\/tr>\r\n<tr>\r\n<td>Sistemas de Gesti\u00f3n Medioambiental<\/td>\r\n<\/tr>\r\n<tr>\r\n<td>Tecnolog\u00edas de Descontaminaci\u00f3n<br \/>\r\nde Gases y Depuraci\u00f3n de Agua<\/td>\r\n<\/tr>\r\n<\/tbody>\r\n<\/table>\r\n<table border=\"1\">\r\n<tbody>\r\n<tr>\r\n<th align=\"center\"><span style=\"color: #0101df;\">Cuarto curso<\/span><\/th>\r\n<\/tr>\r\n<tr bgcolor=\"#0101df\">\r\n<th width=\"400\"><span style=\"color: #0080ff;\">Asignaturas Anuales<\/span><\/th>\r\n<\/tr>\r\n<tr>\r\n<td>Trabajo Fin de Grado<\/td>\r\n<\/tr>\r\n<tr bgcolor=\"#0101df\">\r\n<th width=\"400\"><span style=\"color: #0080ff;\">1<sup>er<\/sup> Semestre &#8211; Asignaturas<\/span><\/th>\r\n<\/tr>\r\n<tr>\r\n<td>Planificaci\u00f3n y ordenaci\u00f3n del Territorio<\/td>\r\n<\/tr>\r\n<tr>\r\n<td>Planificaci\u00f3n de Trabajos Medioambientales<\/td>\r\n<\/tr>\r\n<tr>\r\n<td>Planificaci\u00f3n de Proyectos<\/td>\r\n<\/tr>\r\n<tr>\r\n<td>Asignaturas Optativas<\/td>\r\n<\/tr>\r\n<tr bgcolor=\"#0101df\">\r\n<th><span style=\"color: #0080ff;\">2<sup>o<\/sup> Semestre &#8211; Asignaturas <\/span><\/th>\r\n<\/tr>\r\n<tr>\r\n<td>Gesti\u00f3n de residuos<\/td>\r\n<\/tr>\r\n<tr>\r\n<td>Recuperaci\u00f3n de suelos contaminados<\/td>\r\n<\/tr>\r\n<tr>\r\n<td>Asignaturas Optativas<\/td>\r\n<\/tr>\r\n<\/tbody>\r\n<\/table>\r\n<table>\r\n<tbody>\r\n<tr>\r\n<th align=\"center\" width=\"400\"><span style=\"color: #2e2efe;\">Asignaturas Optativas<\/span><\/th>\r\n<\/tr>\r\n<\/tbody>\r\n<\/table>\r\n<table>\r\n<tbody>\r\n<tr>\r\n<th width=\"300\"><span style=\"color: #0080ff;\">1<sup>er<\/sup> Semestre<\/span><\/th>\r\n<\/tr>\r\n<tr>\r\n<td>Biodemograf\u00eda<\/td>\r\n<\/tr>\r\n<tr>\r\n<td>Contaminaci\u00f3n radiol\u00f3gica y lum\u00ednica<\/td>\r\n<\/tr>\r\n<tr>\r\n<td>An\u00e1lisis ecol\u00f3gico del paisaje<\/td>\r\n<\/tr>\r\n<tr>\r\n<td>Gesti\u00f3n de espacio naturales protegidos<\/td>\r\n<\/tr>\r\n<tr>\r\n<td>Intrumentaci\u00f3n meteorol\u00f3gica<\/td>\r\n<\/tr>\r\n<tr>\r\n<td>Inventario y valoraci\u00f3n de fauna<\/td>\r\n<\/tr>\r\n<tr>\r\n<td>Bioindicadores ambientales<\/td>\r\n<\/tr>\r\n<tr>\r\n<td>Recursos gen\u00e9ticos<\/td>\r\n<\/tr>\r\n<tr>\r\n<td>Pr\u00e1cticas externas I<\/td>\r\n<\/tr>\r\n<tr>\r\n<td>Contaminaci\u00f3n ac\u00fastica<\/td>\r\n<\/tr>\r\n<\/tbody>\r\n<\/table>\r\n<table>\r\n<tbody>\r\n<tr>\r\n<th width=\"300\"><span style=\"color: #0080ff;\">2<sup>o<\/sup> Semestre<\/span><\/th>\r\n<\/tr>\r\n<tr>\r\n<td>Ecolog\u00eda de las perturbaciones<\/td>\r\n<\/tr>\r\n<tr>\r\n<td>Biolog\u00eda marina: conservaci\u00f3n y gesti\u00f3n del litoral<\/td>\r\n<\/tr>\r\n<tr>\r\n<td>Control biol\u00f3gico de tratamiento de aguas<\/td>\r\n<\/tr>\r\n<tr>\r\n<td>Geobot\u00e1nica<\/td>\r\n<\/tr>\r\n<tr>\r\n<td>Limnolog\u00eda aplicada<\/td>\r\n<\/tr>\r\n<tr>\r\n<td>Modelizaci\u00f3n atm\u00f3sferica<\/td>\r\n<\/tr>\r\n<tr>\r\n<td>Restauraci\u00f3n de espacios degradados<\/td>\r\n<\/tr>\r\n<tr>\r\n<td>T\u00e9cnicas instrumentales de an\u00e1lisis qu\u00edmico<\/td>\r\n<\/tr>\r\n<tr>\r\n<td>Tecnolog\u00eda de los procesos industriales<\/td>\r\n<\/tr>\r\n<tr>\r\n<td>Gesti\u00f3n de recursos energ\u00e9ticos<\/td>\r\n<\/tr>\r\n<tr>\r\n<td>Gesti\u00f3n y conservaci\u00f3n de patrimonio geol\u00f3gico<\/td>\r\n<\/tr>\r\n<tr>\r\n<td>Pr\u00e1cticas externas II<\/td>\r\n<\/tr>\r\n<\/tbody>\r\n<\/table>\r\n<\/div>\r\n<p>&nbsp;<\/p>\r\n<div align=\"center\"><a href=\"\/\/centros.unileon.es\/biologia\/\">Inicio<\/a><\/div>","protected":false},"excerpt":{"rendered":"<p>Calendario escolar Calendario escolar 2019-2020. (Comienzo de las clases el d\u00eda 09\/09\/2019 salvo los alumnos de PRIMER CURSO que comienzan el d\u00eda 04\/09\/2019) Aulas disponibles para la docencia AULAS DOCENCIA 2019\/2020 Acceso al gestor de aulas de la Facultad (CONSULTAR EL SEVEROOCHOA PINCHANDO AQU\u00cd) Agendas de Actividades Jornada de Acogida y Presentaci\u00f3n Primer Curso de [&hellip;]<\/p>\n","protected":false},"author":3,"featured_media":0,"parent":0,"menu_order":0,"comment_status":"closed","ping_status":"open","template":"","meta":{"footnotes":""},"class_list":["post-1156","page","type-page","status-publish","hentry"],"_links":{"self":[{"href":"https:\/\/centros.unileon.es\/biologia\/wp-json\/wp\/v2\/pages\/1156","targetHints":{"allow":["GET"]}}],"collection":[{"href":"https:\/\/centros.unileon.es\/biologia\/wp-json\/wp\/v2\/pages"}],"about":[{"href":"https:\/\/centros.unileon.es\/biologia\/wp-json\/wp\/v2\/types\/page"}],"author":[{"embeddable":true,"href":"https:\/\/centros.unileon.es\/biologia\/wp-json\/wp\/v2\/users\/3"}],"replies":[{"embeddable":true,"href":"https:\/\/centros.unileon.es\/biologia\/wp-json\/wp\/v2\/comments?post=1156"}],"version-history":[{"count":132,"href":"https:\/\/centros.unileon.es\/biologia\/wp-json\/wp\/v2\/pages\/1156\/revisions"}],"predecessor-version":[{"id":9630,"href":"https:\/\/centros.unileon.es\/biologia\/wp-json\/wp\/v2\/pages\/1156\/revisions\/9630"}],"wp:attachment":[{"href":"https:\/\/centros.unileon.es\/biologia\/wp-json\/wp\/v2\/media?parent=1156"}],"curies":[{"name":"wp","href":"https:\/\/api.w.org\/{rel}","templated":true}]}}